{"id":2016,"date":"2024-11-06T12:36:13","date_gmt":"2024-11-06T11:36:13","guid":{"rendered":"https:\/\/de-madera.com\/avis-legal\/"},"modified":"2024-11-13T12:38:16","modified_gmt":"2024-11-13T11:38:16","slug":"avis-legal","status":"publish","type":"page","link":"https:\/\/de-madera.com\/ca\/avis-legal\/","title":{"rendered":"Av\u00eds Legal"},"content":{"rendered":"\t\t<div data-elementor-type=\"wp-page\" data-elementor-id=\"2016\" class=\"elementor elementor-2016 elementor-1868\">\n\t\t\t\t\t\t<section class=\"has_eae_slider elementor-section elementor-top-section elementor-element elementor-element-6c4030c elementor-section-boxed elementor-section-height-default elementor-section-height-default\" data-id=\"6c4030c\" data-element_type=\"section\" data-settings=\"{&quot;background_background&quot;:&quot;classic&quot;}\">\n\t\t\t\t\t\t\t<div class=\"elementor-background-overlay\"><\/div>\n\t\t\t\t\t\t\t<div class=\"elementor-container elementor-column-gap-default\">\n\t\t\t\t\t<div class=\"has_eae_slider elementor-column elementor-col-100 elementor-top-column elementor-element elementor-element-7488282\" data-id=\"7488282\" data-element_type=\"column\">\n\t\t\t<div class=\"elementor-widget-wrap elementor-element-populated\">\n\t\t\t\t\t\t<section class=\"has_eae_slider elementor-section elementor-inner-section elementor-element elementor-element-b479975 elementor-section-boxed elementor-section-height-default elementor-section-height-default\" data-id=\"b479975\" data-element_type=\"section\">\n\t\t\t\t\t\t<div class=\"elementor-container elementor-column-gap-default\">\n\t\t\t\t\t<div class=\"has_eae_slider elementor-column elementor-col-100 elementor-inner-column elementor-element elementor-element-0f954d9\" data-id=\"0f954d9\" data-element_type=\"column\">\n\t\t\t<div class=\"elementor-widget-wrap elementor-element-populated\">\n\t\t\t\t\t\t<div class=\"elementor-element elementor-element-04ca737 elementor-widget elementor-widget-page-title\" data-id=\"04ca737\" data-element_type=\"widget\" data-settings=\"{&quot;align&quot;:&quot;center&quot;}\" data-widget_type=\"page-title.default\">\n\t\t\t\t<div class=\"elementor-widget-container\">\n\t\t\t\t\t\t\t\n\t\t<div class=\"hfe-page-title hfe-page-title-wrapper elementor-widget-heading\">\n\n\t\t\t\t\t\t\t\t\t\t\t<a href=\"https:\/\/de-madera.com\/ca\/\">\n\t\t\t\t\t\t<h2 class=\"elementor-heading-title elementor-size-default\">\n\t\t\t\t\t\t\t\t\n\t\t\t\tAv\u00eds Legal  \n\t\t\t<\/h2 > \n\t\t\t\t\t\t\t\t\t<\/a>\n\t\t\t\t\t<\/div>\n\t\t\t\t\t\t<\/div>\n\t\t\t\t<\/div>\n\t\t\t\t<div class=\"elementor-element elementor-element-27afc05 elementor-widget__width-auto elementor-widget elementor-widget-html\" data-id=\"27afc05\" data-element_type=\"widget\" data-widget_type=\"html.default\">\n\t\t\t\t<div class=\"elementor-widget-container\">\n\t\t\t\t\t<div class=\"breadcrumb-link\">\n    \n\n<span><a href=\"\/\">Home<\/a><\/span>\n\n\n <span class=\"currentm\">Av\u00eds Legal<\/span> \n<\/div>\t\t\t\t<\/div>\n\t\t\t\t<\/div>\n\t\t\t\t\t<\/div>\n\t\t<\/div>\n\t\t\t\t\t<\/div>\n\t\t<\/section>\n\t\t\t\t\t<\/div>\n\t\t<\/div>\n\t\t\t\t\t<\/div>\n\t\t<\/section>\n\t\t<div class=\"has_eae_slider elementor-element elementor-element-1f2983d e-flex e-con-boxed e-con e-parent\" data-id=\"1f2983d\" data-element_type=\"container\">\n\t\t\t\t\t<div class=\"e-con-inner\">\n\t\t\t\t<div class=\"elementor-element elementor-element-caae74f elementor-widget elementor-widget-text-editor\" data-id=\"caae74f\" data-element_type=\"widget\" data-widget_type=\"text-editor.default\">\n\t\t\t\t<div class=\"elementor-widget-container\">\n\t\t\t\t\t\t\t\t\t<p>En aquest espai, l&#8217;USUARI podr\u00e0 trobar tota la informaci\u00f3 relativa als termes i les condicions legals que defineixen les relacions entre els usuaris i nosaltres com a responsables d&#8217;aquesta web. Com a usuari, \u00e9s important que conegueu aquests termes abans de continuar la vostra navegaci\u00f3. <\/p>\n\t\t\t\t\t\t\t\t<\/div>\n\t\t\t\t<\/div>\n\t\t\t\t<div class=\"elementor-element elementor-element-bedc1a7 elementor-widget elementor-widget-heading\" data-id=\"bedc1a7\" data-element_type=\"widget\" data-widget_type=\"heading.default\">\n\t\t\t\t<div class=\"elementor-widget-container\">\n\t\t\t\t\t<h3 class=\"elementor-heading-title elementor-size-default\">CONDICIONS GENERALS D'\u00daS<\/h3>\t\t\t\t<\/div>\n\t\t\t\t<\/div>\n\t\t\t\t<div class=\"elementor-element elementor-element-0e9153d elementor-widget elementor-widget-text-editor\" data-id=\"0e9153d\" data-element_type=\"widget\" data-widget_type=\"text-editor.default\">\n\t\t\t\t<div class=\"elementor-widget-container\">\n\t\t\t\t\t\t\t\t\t<p>Les presents Condicions Generals regulen l&#8217;\u00fas (incl\u00f2s el mer acc\u00e9s) de les p\u00e0gines de la web, integrants del lloc web <strong>www.de-madera.com<\/strong> , inclosos els continguts i serveis posats a disposici\u00f3. Tota persona que accedeixi a la web (\u201cUsuari\u201d) accepta sotmetre&#8217;s a les Condicions Generals vigents a cada moment del portal <strong>www.de-madera.com<\/strong> <strong>.<\/strong> <\/p>\n\t\t\t\t\t\t\t\t<\/div>\n\t\t\t\t<\/div>\n\t\t\t\t<div class=\"elementor-element elementor-element-6065346 elementor-widget elementor-widget-heading\" data-id=\"6065346\" data-element_type=\"widget\" data-widget_type=\"heading.default\">\n\t\t\t\t<div class=\"elementor-widget-container\">\n\t\t\t\t\t<h3 class=\"elementor-heading-title elementor-size-default\">DADES PERSONALS QUE RECOLLIM I COM HO FEM<\/h3>\t\t\t\t<\/div>\n\t\t\t\t<\/div>\n\t\t\t\t<div class=\"elementor-element elementor-element-7a1def3 elementor-widget elementor-widget-text-editor\" data-id=\"7a1def3\" data-element_type=\"widget\" data-widget_type=\"text-editor.default\">\n\t\t\t\t<div class=\"elementor-widget-container\">\n\t\t\t\t\t\t\t\t\t<p>Llegir <a href=\"https:\/\/de-madera.com\/ca\/politica-de-privadesa\/\">Pol\u00edtica de Privadesa<\/a> .<\/p>\n\t\t\t\t\t\t\t\t<\/div>\n\t\t\t\t<\/div>\n\t\t\t\t<div class=\"elementor-element elementor-element-b0df7a5 elementor-widget elementor-widget-heading\" data-id=\"b0df7a5\" data-element_type=\"widget\" data-widget_type=\"heading.default\">\n\t\t\t\t<div class=\"elementor-widget-container\">\n\t\t\t\t\t<h3 class=\"elementor-heading-title elementor-size-default\">COMPROMISOS I OBLIGACIONS DELS USUARIS<\/h3>\t\t\t\t<\/div>\n\t\t\t\t<\/div>\n\t\t\t\t<div class=\"elementor-element elementor-element-c2330de elementor-widget elementor-widget-text-editor\" data-id=\"c2330de\" data-element_type=\"widget\" data-widget_type=\"text-editor.default\">\n\t\t\t\t<div class=\"elementor-widget-container\">\n\t\t\t\t\t\t\t\t\t<p>L&#8217;Usuari queda informat, i accepta, que l&#8217;acc\u00e9s a la present web no suposa, de cap manera, l&#8217;inici d&#8217;una relaci\u00f3 comercial amb <strong>MADEMAT SL<\/strong> . D&#8217;aquesta manera, l&#8217;usuari es compromet a utilitzar el lloc web, els serveis i els continguts sense contravenir la legislaci\u00f3 vigent, la bona fe i l&#8217;ordre p\u00fablic. Queda prohibit l&#8217;\u00fas del web, amb finalitats il\u00b7l\u00edcites o lesives, o que, de qualsevol manera, puguin causar perjudici o impedir el funcionament normal del lloc web. Pel que fa als continguts d&#8217;aquesta web, es prohibeix:   <\/p>\n\t\t\t\t\t\t\t\t<\/div>\n\t\t\t\t<\/div>\n\t\t\t\t<div class=\"elementor-element elementor-element-ea9df2d elementor-icon-list--layout-traditional elementor-list-item-link-full_width elementor-widget elementor-widget-icon-list\" data-id=\"ea9df2d\" data-element_type=\"widget\" data-widget_type=\"icon-list.default\">\n\t\t\t\t<div class=\"elementor-widget-container\">\n\t\t\t\t\t\t\t<ul class=\"elementor-icon-list-items\">\n\t\t\t\t\t\t\t<li class=\"elementor-icon-list-item\">\n\t\t\t\t\t\t\t\t\t\t\t<span class=\"elementor-icon-list-icon\">\n\t\t\t\t\t\t\t<svg aria-hidden=\"true\" class=\"e-font-icon-svg e-fas-circle\" viewBox=\"0 0 512 512\" xmlns=\"http:\/\/www.w3.org\/2000\/svg\"><path d=\"M256 8C119 8 8 119 8 256s111 248 248 248 248-111 248-248S393 8 256 8z\"><\/path><\/svg>\t\t\t\t\t\t<\/span>\n\t\t\t\t\t\t\t\t\t\t<span class=\"elementor-icon-list-text\">La seva reproducci\u00f3, distribuci\u00f3 o modificaci\u00f3, total o parcial, llevat que es compti amb lautoritzaci\u00f3 dels seus leg\u00edtims titulars.<\/span>\n\t\t\t\t\t\t\t\t\t<\/li>\n\t\t\t\t\t\t\t\t<li class=\"elementor-icon-list-item\">\n\t\t\t\t\t\t\t\t\t\t\t<span class=\"elementor-icon-list-icon\">\n\t\t\t\t\t\t\t<svg aria-hidden=\"true\" class=\"e-font-icon-svg e-fas-circle\" viewBox=\"0 0 512 512\" xmlns=\"http:\/\/www.w3.org\/2000\/svg\"><path d=\"M256 8C119 8 8 119 8 256s111 248 248 248 248-111 248-248S393 8 256 8z\"><\/path><\/svg>\t\t\t\t\t\t<\/span>\n\t\t\t\t\t\t\t\t\t\t<span class=\"elementor-icon-list-text\">Qualsevol vulneraci\u00f3 dels drets del prestador o dels leg\u00edtims titulars.<\/span>\n\t\t\t\t\t\t\t\t\t<\/li>\n\t\t\t\t\t\t\t\t<li class=\"elementor-icon-list-item\">\n\t\t\t\t\t\t\t\t\t\t\t<span class=\"elementor-icon-list-icon\">\n\t\t\t\t\t\t\t<svg aria-hidden=\"true\" class=\"e-font-icon-svg e-fas-circle\" viewBox=\"0 0 512 512\" xmlns=\"http:\/\/www.w3.org\/2000\/svg\"><path d=\"M256 8C119 8 8 119 8 256s111 248 248 248 248-111 248-248S393 8 256 8z\"><\/path><\/svg>\t\t\t\t\t\t<\/span>\n\t\t\t\t\t\t\t\t\t\t<span class=\"elementor-icon-list-text\">La seva utilitzaci\u00f3 per a fins comercials o publicitaris.<\/span>\n\t\t\t\t\t\t\t\t\t<\/li>\n\t\t\t\t\t\t<\/ul>\n\t\t\t\t\t\t<\/div>\n\t\t\t\t<\/div>\n\t\t\t\t<div class=\"elementor-element elementor-element-6c2d14d elementor-widget elementor-widget-text-editor\" data-id=\"6c2d14d\" data-element_type=\"widget\" data-widget_type=\"text-editor.default\">\n\t\t\t\t<div class=\"elementor-widget-container\">\n\t\t\t\t\t\t\t\t\t<p>En la utilitzaci\u00f3 de la web, <strong>www.de-madera.com<\/strong> , l&#8217;Usuari es compromet a no dur a terme <strong>cap conducta<\/strong> que pogu\u00e9s danyar la imatge, els interessos i els drets de <strong>MADEMAT SL<\/strong> o de tercers o que pogu\u00e9s danyar, inutilitzar o sobrecarregar el portal ( <strong>www.de-madera.com<\/strong> ) o que imped\u00eds, de qualsevol manera, la utilitzaci\u00f3 normal de la web. Tot i aix\u00f2, l&#8217;Usuari ha de ser conscient que les mesures de seguretat dels sistemes inform\u00e0tics a Internet no s\u00f3n enterament fiables i que, per tant <strong>www.de-madera.com<\/strong> no pot garantir la inexist\u00e8ncia de virus o altres elements que puguin produir alteracions als sistemes inform\u00e0tics (programari i maquinari) de l&#8217;Usuari o als seus documents electr\u00f2nics i fitxers continguts en aquests. <\/p>\n\t\t\t\t\t\t\t\t<\/div>\n\t\t\t\t<\/div>\n\t\t\t\t<div class=\"elementor-element elementor-element-7da70c5 elementor-widget elementor-widget-heading\" data-id=\"7da70c5\" data-element_type=\"widget\" data-widget_type=\"heading.default\">\n\t\t\t\t<div class=\"elementor-widget-container\">\n\t\t\t\t\t<h3 class=\"elementor-heading-title elementor-size-default\">MESURES DE SEGURETAT<\/h3>\t\t\t\t<\/div>\n\t\t\t\t<\/div>\n\t\t\t\t<div class=\"elementor-element elementor-element-a1c1deb elementor-widget elementor-widget-text-editor\" data-id=\"a1c1deb\" data-element_type=\"widget\" data-widget_type=\"text-editor.default\">\n\t\t\t\t<div class=\"elementor-widget-container\">\n\t\t\t\t\t\t\t\t\t<p>Les dades personals comunicades per l&#8217;usuari a <strong>www.de-madera.com<\/strong> poden ser emmagatzemades en bases de dades automatitzades o no, la titularitat de les quals correspon en exclusiva a <strong>MADEMAT SL<\/strong> , assumint aquesta totes les mesures d&#8217;\u00edndole t\u00e8cnica, organitzativa i de seguretat que garanteixen la confidencialitat, integritat i qualitat de la informaci\u00f3 que cont\u00e9 d&#8217;acord amb all\u00f2 que estableix la normativa vigent en protecci\u00f3 de dades. La comunicaci\u00f3 entre els usuaris i <strong>www.de-madera.com<\/strong> utilitza canal segur, i les dades transmeses s\u00f3n xifrades gr\u00e0cies a protocols https, per tant garantim les millors condicions de seguretat perqu\u00e8 la confidencialitat dels usuaris estigui garantida. <\/p>\n\t\t\t\t\t\t\t\t<\/div>\n\t\t\t\t<\/div>\n\t\t\t\t<div class=\"elementor-element elementor-element-39db740 elementor-widget elementor-widget-heading\" data-id=\"39db740\" data-element_type=\"widget\" data-widget_type=\"heading.default\">\n\t\t\t\t<div class=\"elementor-widget-container\">\n\t\t\t\t\t<h3 class=\"elementor-heading-title elementor-size-default\">RECLAMACIONS<\/h3>\t\t\t\t<\/div>\n\t\t\t\t<\/div>\n\t\t\t\t<div class=\"elementor-element elementor-element-078cb11 elementor-widget elementor-widget-text-editor\" data-id=\"078cb11\" data-element_type=\"widget\" data-widget_type=\"text-editor.default\">\n\t\t\t\t<div class=\"elementor-widget-container\">\n\t\t\t\t\t\t\t\t\t<p><strong>MADEMAT SL<\/strong> informa que hi ha fulls de reclamaci\u00f3 a disposici\u00f3 d&#8217;usuaris i clients. L&#8217;Usuari podr\u00e0 realitzar reclamacions sol\u00b7licitant el seu full de reclamaci\u00f3 o remetent un correu electr\u00f2nic a <a href=\"mailto:contacto@de-madera.com\"><strong>contacto@de-madera.com<\/strong><\/a> indicant-ne el nom i cognoms, servei i\/o producte adquirit i exposant els motius de la seva reclamaci\u00f3. L&#8217;usuari\/comprador podr\u00e0 notificar-nos la reclamaci\u00f3, adjuntant el seg\u00fcent formulari de reclamaci\u00f3:  <\/p>\n\t\t\t\t\t\t\t\t<\/div>\n\t\t\t\t<\/div>\n\t\t\t\t<div class=\"elementor-element elementor-element-6f21a20 elementor-icon-list--layout-traditional elementor-list-item-link-full_width elementor-widget elementor-widget-icon-list\" data-id=\"6f21a20\" data-element_type=\"widget\" data-widget_type=\"icon-list.default\">\n\t\t\t\t<div class=\"elementor-widget-container\">\n\t\t\t\t\t\t\t<ul class=\"elementor-icon-list-items\">\n\t\t\t\t\t\t\t<li class=\"elementor-icon-list-item\">\n\t\t\t\t\t\t\t\t\t\t\t<span class=\"elementor-icon-list-icon\">\n\t\t\t\t\t\t\t<svg aria-hidden=\"true\" class=\"e-font-icon-svg e-fas-circle\" viewBox=\"0 0 512 512\" xmlns=\"http:\/\/www.w3.org\/2000\/svg\"><path d=\"M256 8C119 8 8 119 8 256s111 248 248 248 248-111 248-248S393 8 256 8z\"><\/path><\/svg>\t\t\t\t\t\t<\/span>\n\t\t\t\t\t\t\t\t\t\t<span class=\"elementor-icon-list-text\">El servei\/producte:<\/span>\n\t\t\t\t\t\t\t\t\t<\/li>\n\t\t\t\t\t\t\t\t<li class=\"elementor-icon-list-item\">\n\t\t\t\t\t\t\t\t\t\t\t<span class=\"elementor-icon-list-icon\">\n\t\t\t\t\t\t\t<svg aria-hidden=\"true\" class=\"e-font-icon-svg e-fas-circle\" viewBox=\"0 0 512 512\" xmlns=\"http:\/\/www.w3.org\/2000\/svg\"><path d=\"M256 8C119 8 8 119 8 256s111 248 248 248 248-111 248-248S393 8 256 8z\"><\/path><\/svg>\t\t\t\t\t\t<\/span>\n\t\t\t\t\t\t\t\t\t\t<span class=\"elementor-icon-list-text\">Adquirit el dia:<\/span>\n\t\t\t\t\t\t\t\t\t<\/li>\n\t\t\t\t\t\t\t\t<li class=\"elementor-icon-list-item\">\n\t\t\t\t\t\t\t\t\t\t\t<span class=\"elementor-icon-list-icon\">\n\t\t\t\t\t\t\t<svg aria-hidden=\"true\" class=\"e-font-icon-svg e-fas-circle\" viewBox=\"0 0 512 512\" xmlns=\"http:\/\/www.w3.org\/2000\/svg\"><path d=\"M256 8C119 8 8 119 8 256s111 248 248 248 248-111 248-248S393 8 256 8z\"><\/path><\/svg>\t\t\t\t\t\t<\/span>\n\t\t\t\t\t\t\t\t\t\t<span class=\"elementor-icon-list-text\">Nom de l'usuari:<\/span>\n\t\t\t\t\t\t\t\t\t<\/li>\n\t\t\t\t\t\t\t\t<li class=\"elementor-icon-list-item\">\n\t\t\t\t\t\t\t\t\t\t\t<span class=\"elementor-icon-list-icon\">\n\t\t\t\t\t\t\t<svg aria-hidden=\"true\" class=\"e-font-icon-svg e-fas-circle\" viewBox=\"0 0 512 512\" xmlns=\"http:\/\/www.w3.org\/2000\/svg\"><path d=\"M256 8C119 8 8 119 8 256s111 248 248 248 248-111 248-248S393 8 256 8z\"><\/path><\/svg>\t\t\t\t\t\t<\/span>\n\t\t\t\t\t\t\t\t\t\t<span class=\"elementor-icon-list-text\">Domicili de l'usuari:<\/span>\n\t\t\t\t\t\t\t\t\t<\/li>\n\t\t\t\t\t\t\t\t<li class=\"elementor-icon-list-item\">\n\t\t\t\t\t\t\t\t\t\t\t<span class=\"elementor-icon-list-icon\">\n\t\t\t\t\t\t\t<svg aria-hidden=\"true\" class=\"e-font-icon-svg e-fas-circle\" viewBox=\"0 0 512 512\" xmlns=\"http:\/\/www.w3.org\/2000\/svg\"><path d=\"M256 8C119 8 8 119 8 256s111 248 248 248 248-111 248-248S393 8 256 8z\"><\/path><\/svg>\t\t\t\t\t\t<\/span>\n\t\t\t\t\t\t\t\t\t\t<span class=\"elementor-icon-list-text\">Signatura de l'usuari (nom\u00e9s si es presenta en paper):<\/span>\n\t\t\t\t\t\t\t\t\t<\/li>\n\t\t\t\t\t\t\t\t<li class=\"elementor-icon-list-item\">\n\t\t\t\t\t\t\t\t\t\t\t<span class=\"elementor-icon-list-icon\">\n\t\t\t\t\t\t\t<svg aria-hidden=\"true\" class=\"e-font-icon-svg e-fas-circle\" viewBox=\"0 0 512 512\" xmlns=\"http:\/\/www.w3.org\/2000\/svg\"><path d=\"M256 8C119 8 8 119 8 256s111 248 248 248 248-111 248-248S393 8 256 8z\"><\/path><\/svg>\t\t\t\t\t\t<\/span>\n\t\t\t\t\t\t\t\t\t\t<span class=\"elementor-icon-list-text\">Data:<\/span>\n\t\t\t\t\t\t\t\t\t<\/li>\n\t\t\t\t\t\t\t\t<li class=\"elementor-icon-list-item\">\n\t\t\t\t\t\t\t\t\t\t\t<span class=\"elementor-icon-list-icon\">\n\t\t\t\t\t\t\t<svg aria-hidden=\"true\" class=\"e-font-icon-svg e-fas-circle\" viewBox=\"0 0 512 512\" xmlns=\"http:\/\/www.w3.org\/2000\/svg\"><path d=\"M256 8C119 8 8 119 8 256s111 248 248 248 248-111 248-248S393 8 256 8z\"><\/path><\/svg>\t\t\t\t\t\t<\/span>\n\t\t\t\t\t\t\t\t\t\t<span class=\"elementor-icon-list-text\">Motiu de la reclamaci\u00f3:<\/span>\n\t\t\t\t\t\t\t\t\t<\/li>\n\t\t\t\t\t\t<\/ul>\n\t\t\t\t\t\t<\/div>\n\t\t\t\t<\/div>\n\t\t\t\t<div class=\"elementor-element elementor-element-60d9b09 elementor-widget elementor-widget-heading\" data-id=\"60d9b09\" data-element_type=\"widget\" data-widget_type=\"heading.default\">\n\t\t\t\t<div class=\"elementor-widget-container\">\n\t\t\t\t\t<h3 class=\"elementor-heading-title elementor-size-default\">PLATAFORMA DE RESOLUCI\u00d3 DE CONFLICTES<\/h3>\t\t\t\t<\/div>\n\t\t\t\t<\/div>\n\t\t\t\t<div class=\"elementor-element elementor-element-a87b15c elementor-widget elementor-widget-text-editor\" data-id=\"a87b15c\" data-element_type=\"widget\" data-widget_type=\"text-editor.default\">\n\t\t\t\t<div class=\"elementor-widget-container\">\n\t\t\t\t\t\t\t\t\t<p>Per si pot ser del teu inter\u00e8s, per sotmetre les teves reclamacions pots utilitzar tamb\u00e9 la plataforma de resoluci\u00f3 de litigis que facilita la Comissi\u00f3 Europea i que es troba disponible al seg\u00fcent enlla\u00e7: <a href=\"http:\/\/ec.europa.eu\/consumers\/odr\/\">http:\/\/ec.europa.eu\/consumers\/odr\/<\/a> .<\/p>\n\t\t\t\t\t\t\t\t<\/div>\n\t\t\t\t<\/div>\n\t\t\t\t<div class=\"elementor-element elementor-element-08c01f5 elementor-widget elementor-widget-heading\" data-id=\"08c01f5\" data-element_type=\"widget\" data-widget_type=\"heading.default\">\n\t\t\t\t<div class=\"elementor-widget-container\">\n\t\t\t\t\t<h3 class=\"elementor-heading-title elementor-size-default\">DRETS DE PROPIETAT INTEL\u00b7LECTUAL I INDUSTRIAL<\/h3>\t\t\t\t<\/div>\n\t\t\t\t<\/div>\n\t\t\t\t<div class=\"elementor-element elementor-element-f0ff181 elementor-widget elementor-widget-text-editor\" data-id=\"f0ff181\" data-element_type=\"widget\" data-widget_type=\"text-editor.default\">\n\t\t\t\t<div class=\"elementor-widget-container\">\n\t\t\t\t\t\t\t\t\t<p>En virtut del que disposen els articles 8 i 32.1, par\u00e0graf segon, de la Llei de propietat intel\u00b7lectual, queden expressament prohibides la reproducci\u00f3, distribuci\u00f3 i comunicaci\u00f3 p\u00fablica, inclosa la seva modalitat de posada a disposici\u00f3, de la totalitat o part dels continguts de aquesta p\u00e0gina web, amb finalitats comercials, en qualsevol suport i per qualsevol mitj\u00e0 t\u00e8cnic, sense lautoritzaci\u00f3 de <strong>MADEMAT SL<\/strong> . L&#8217;usuari es compromet a respectar els drets de propietat intel\u00b7lectual i industrial titularitat de <strong>www.de-madera.com<\/strong> . L&#8217;usuari coneix i accepta que la totalitat del lloc web, contenint sense car\u00e0cter exhaustiu el text, programari, continguts (incloent-hi estructura, selecci\u00f3, ordenaci\u00f3 i presentaci\u00f3), fotografies, material audiovisual i gr\u00e0fics, est\u00e0 protegida per marques, drets d&#8217;autor i altres drets leg\u00edtims, d&#8217;acord amb els tractats internacionals on Espanya \u00e9s part i altres drets de propietat i lleis d&#8217;Espanya. En cas que un usuari o un tercer considerin que s&#8217;ha produ\u00eft una violaci\u00f3 dels seus leg\u00edtims drets de propietat intel\u00b7lectual per la introducci\u00f3 d&#8217;un determinat contingut a la web, haur\u00e0 de notificar aquesta circumst\u00e0ncia a <strong>www.de-madera.com<\/strong> :   <\/p>\n\t\t\t\t\t\t\t\t<\/div>\n\t\t\t\t<\/div>\n\t\t\t\t<div class=\"elementor-element elementor-element-43c2bed elementor-icon-list--layout-traditional elementor-list-item-link-full_width elementor-widget elementor-widget-icon-list\" data-id=\"43c2bed\" data-element_type=\"widget\" data-widget_type=\"icon-list.default\">\n\t\t\t\t<div class=\"elementor-widget-container\">\n\t\t\t\t\t\t\t<ul class=\"elementor-icon-list-items\">\n\t\t\t\t\t\t\t<li class=\"elementor-icon-list-item\">\n\t\t\t\t\t\t\t\t\t\t\t<span class=\"elementor-icon-list-icon\">\n\t\t\t\t\t\t\t<svg aria-hidden=\"true\" class=\"e-font-icon-svg e-fas-circle\" viewBox=\"0 0 512 512\" xmlns=\"http:\/\/www.w3.org\/2000\/svg\"><path d=\"M256 8C119 8 8 119 8 256s111 248 248 248 248-111 248-248S393 8 256 8z\"><\/path><\/svg>\t\t\t\t\t\t<\/span>\n\t\t\t\t\t\t\t\t\t\t<span class=\"elementor-icon-list-text\">Dades personals de linteressat titular dels drets presumptament infringits, o indicar la representaci\u00f3 amb qu\u00e8 actua en cas que la reclamaci\u00f3 la presenti un tercer diferent de linteressat.<\/span>\n\t\t\t\t\t\t\t\t\t<\/li>\n\t\t\t\t\t\t\t\t<li class=\"elementor-icon-list-item\">\n\t\t\t\t\t\t\t\t\t\t\t<span class=\"elementor-icon-list-icon\">\n\t\t\t\t\t\t\t<svg aria-hidden=\"true\" class=\"e-font-icon-svg e-fas-circle\" viewBox=\"0 0 512 512\" xmlns=\"http:\/\/www.w3.org\/2000\/svg\"><path d=\"M256 8C119 8 8 119 8 256s111 248 248 248 248-111 248-248S393 8 256 8z\"><\/path><\/svg>\t\t\t\t\t\t<\/span>\n\t\t\t\t\t\t\t\t\t\t<span class=\"elementor-icon-list-text\">Assenyalar els continguts protegits pels drets de propietat intel\u00b7lectual i la seva ubicaci\u00f3 a la web, l'acreditaci\u00f3 dels drets de propietat intel\u00b7lectual assenyalats i declaraci\u00f3 expressa en qu\u00e8 l'interessat es responsabilitza de la veracitat de les informacions facilitades a la notificaci\u00f3.<\/span>\n\t\t\t\t\t\t\t\t\t<\/li>\n\t\t\t\t\t\t<\/ul>\n\t\t\t\t\t\t<\/div>\n\t\t\t\t<\/div>\n\t\t\t\t<div class=\"elementor-element elementor-element-52dcbea elementor-widget elementor-widget-heading\" data-id=\"52dcbea\" data-element_type=\"widget\" data-widget_type=\"heading.default\">\n\t\t\t\t<div class=\"elementor-widget-container\">\n\t\t\t\t\t<h3 class=\"elementor-heading-title elementor-size-default\">ENLLA\u00c7OS EXTERNS<\/h3>\t\t\t\t<\/div>\n\t\t\t\t<\/div>\n\t\t\t\t<div class=\"elementor-element elementor-element-7d9f9f2 elementor-widget elementor-widget-text-editor\" data-id=\"7d9f9f2\" data-element_type=\"widget\" data-widget_type=\"text-editor.default\">\n\t\t\t\t<div class=\"elementor-widget-container\">\n\t\t\t\t\t\t\t\t\t<p>Les p\u00e0gines del web <strong>www.de-madera.com<\/strong> podrien proporcionar enlla\u00e7os a altres llocs web propis i continguts que s\u00f3n propietat de tercers. L&#8217;\u00fanic objecte dels enlla\u00e7os \u00e9s proporcionar a l&#8217;Usuari la possibilitat d&#8217;accedir-hi. <strong>www.de-madera.com<\/strong> no es responsabilitza en cap cas dels resultats que es puguin derivar a l&#8217;Usuari per acc\u00e9s a aquests enlla\u00e7os. Aix\u00ed mateix, l&#8217;usuari trobar\u00e0 dins aquest lloc web, p\u00e0gines, promocions, programes d&#8217;afiliats que accedeixin als h\u00e0bits de navegaci\u00f3 dels usuaris per establir perfils. Aquesta informaci\u00f3 sempre \u00e9s an\u00f2nima i no s&#8217;identifica a l&#8217;usuari. La informaci\u00f3 que es proporcioni en aquests llocs patrocinats o enlla\u00e7os d&#8217;afiliats est\u00e0 subjecta a les pol\u00edtiques de privadesa que s&#8217;utilitzin en aquests llocs i no estar\u00e0 subjecta a aquesta pol\u00edtica de privadesa. Per aix\u00f2 recomanem \u00e0mpliament els Usuaris a revisar detalladament les pol\u00edtiques de privadesa dels enlla\u00e7os d&#8217;afiliat. L&#8217;Usuari que es proposi establir qualsevol dispositiu t\u00e8cnic d&#8217;enlla\u00e7 des del lloc web al portal <strong>www.de-madera.com<\/strong> haur\u00e0 d&#8217;obtenir l&#8217;autoritzaci\u00f3 pr\u00e8via i escrita de <strong>MADEMAT SL.<\/strong> L&#8217;establiment de l&#8217;enlla\u00e7 no implica en cap cas l&#8217;exist\u00e8ncia de relacions entre <strong>www.de-madera.com<\/strong> i el propietari del lloc on s&#8217;estableixi l&#8217;enlla\u00e7, ni l&#8217;acceptaci\u00f3 o l&#8217;aprovaci\u00f3 per part de <strong>www.de-madera.com<\/strong> dels seus continguts o serveis.      <\/p>\n\t\t\t\t\t\t\t\t<\/div>\n\t\t\t\t<\/div>\n\t\t\t\t<div class=\"elementor-element elementor-element-a73a913 elementor-widget elementor-widget-heading\" data-id=\"a73a913\" data-element_type=\"widget\" data-widget_type=\"heading.default\">\n\t\t\t\t<div class=\"elementor-widget-container\">\n\t\t\t\t\t<h3 class=\"elementor-heading-title elementor-size-default\">EXCLUSI\u00d3 DE GARANTIES I RESPONSABILITATS<\/h3>\t\t\t\t<\/div>\n\t\t\t\t<\/div>\n\t\t\t\t<div class=\"elementor-element elementor-element-427dfd9 elementor-widget elementor-widget-text-editor\" data-id=\"427dfd9\" data-element_type=\"widget\" data-widget_type=\"text-editor.default\">\n\t\t\t\t<div class=\"elementor-widget-container\">\n\t\t\t\t\t\t\t\t\t<p>El prestador no atorga cap garantia ni es fa responsable, en cap cas, dels danys i perjudicis de qualsevol naturalesa que poguessin portar a causa de:<\/p>\n\t\t\t\t\t\t\t\t<\/div>\n\t\t\t\t<\/div>\n\t\t\t\t<div class=\"elementor-element elementor-element-cb238db elementor-icon-list--layout-traditional elementor-list-item-link-full_width elementor-widget elementor-widget-icon-list\" data-id=\"cb238db\" data-element_type=\"widget\" data-widget_type=\"icon-list.default\">\n\t\t\t\t<div class=\"elementor-widget-container\">\n\t\t\t\t\t\t\t<ul class=\"elementor-icon-list-items\">\n\t\t\t\t\t\t\t<li class=\"elementor-icon-list-item\">\n\t\t\t\t\t\t\t\t\t\t\t<span class=\"elementor-icon-list-icon\">\n\t\t\t\t\t\t\t<svg aria-hidden=\"true\" class=\"e-font-icon-svg e-fas-circle\" viewBox=\"0 0 512 512\" xmlns=\"http:\/\/www.w3.org\/2000\/svg\"><path d=\"M256 8C119 8 8 119 8 256s111 248 248 248 248-111 248-248S393 8 256 8z\"><\/path><\/svg>\t\t\t\t\t\t<\/span>\n\t\t\t\t\t\t\t\t\t\t<span class=\"elementor-icon-list-text\">La manca de disponibilitat, manteniment i efectiu funcionament de la web, o dels seus serveis i continguts;<\/span>\n\t\t\t\t\t\t\t\t\t<\/li>\n\t\t\t\t\t\t\t\t<li class=\"elementor-icon-list-item\">\n\t\t\t\t\t\t\t\t\t\t\t<span class=\"elementor-icon-list-icon\">\n\t\t\t\t\t\t\t<svg aria-hidden=\"true\" class=\"e-font-icon-svg e-fas-circle\" viewBox=\"0 0 512 512\" xmlns=\"http:\/\/www.w3.org\/2000\/svg\"><path d=\"M256 8C119 8 8 119 8 256s111 248 248 248 248-111 248-248S393 8 256 8z\"><\/path><\/svg>\t\t\t\t\t\t<\/span>\n\t\t\t\t\t\t\t\t\t\t<span class=\"elementor-icon-list-text\">L'exist\u00e8ncia de virus, programes maliciosos o lesius als continguts;<\/span>\n\t\t\t\t\t\t\t\t\t<\/li>\n\t\t\t\t\t\t\t\t<li class=\"elementor-icon-list-item\">\n\t\t\t\t\t\t\t\t\t\t\t<span class=\"elementor-icon-list-icon\">\n\t\t\t\t\t\t\t<svg aria-hidden=\"true\" class=\"e-font-icon-svg e-fas-circle\" viewBox=\"0 0 512 512\" xmlns=\"http:\/\/www.w3.org\/2000\/svg\"><path d=\"M256 8C119 8 8 119 8 256s111 248 248 248 248-111 248-248S393 8 256 8z\"><\/path><\/svg>\t\t\t\t\t\t<\/span>\n\t\t\t\t\t\t\t\t\t\t<span class=\"elementor-icon-list-text\">L'\u00fas il\u00b7l\u00edcit, negligent, fraudulent o contrari a aquest Av\u00eds Legal;<\/span>\n\t\t\t\t\t\t\t\t\t<\/li>\n\t\t\t\t\t\t\t\t<li class=\"elementor-icon-list-item\">\n\t\t\t\t\t\t\t\t\t\t\t<span class=\"elementor-icon-list-icon\">\n\t\t\t\t\t\t\t<svg aria-hidden=\"true\" class=\"e-font-icon-svg e-fas-circle\" viewBox=\"0 0 512 512\" xmlns=\"http:\/\/www.w3.org\/2000\/svg\"><path d=\"M256 8C119 8 8 119 8 256s111 248 248 248 248-111 248-248S393 8 256 8z\"><\/path><\/svg>\t\t\t\t\t\t<\/span>\n\t\t\t\t\t\t\t\t\t\t<span class=\"elementor-icon-list-text\">La manca de licitud, qualitat, fiabilitat, utilitat i disponibilitat dels serveis prestats per tercers i posats a disposici\u00f3 dels usuaris al lloc web.<\/span>\n\t\t\t\t\t\t\t\t\t<\/li>\n\t\t\t\t\t\t\t\t<li class=\"elementor-icon-list-item\">\n\t\t\t\t\t\t\t\t\t\t\t<span class=\"elementor-icon-list-icon\">\n\t\t\t\t\t\t\t<svg aria-hidden=\"true\" class=\"e-font-icon-svg e-fas-circle\" viewBox=\"0 0 512 512\" xmlns=\"http:\/\/www.w3.org\/2000\/svg\"><path d=\"M256 8C119 8 8 119 8 256s111 248 248 248 248-111 248-248S393 8 256 8z\"><\/path><\/svg>\t\t\t\t\t\t<\/span>\n\t\t\t\t\t\t\t\t\t\t<span class=\"elementor-icon-list-text\">El prestador no es fa responsable sota cap concepte dels danys que poguessin procedir de l\u00fas il\u00b7legal o indegut de la present p\u00e0gina web.<\/span>\n\t\t\t\t\t\t\t\t\t<\/li>\n\t\t\t\t\t\t<\/ul>\n\t\t\t\t\t\t<\/div>\n\t\t\t\t<\/div>\n\t\t\t\t<div class=\"elementor-element elementor-element-16cd601 elementor-widget elementor-widget-heading\" data-id=\"16cd601\" data-element_type=\"widget\" data-widget_type=\"heading.default\">\n\t\t\t\t<div class=\"elementor-widget-container\">\n\t\t\t\t\t<h3 class=\"elementor-heading-title elementor-size-default\">LLEI APLICABLE I JURISDICCI\u00d3<\/h3>\t\t\t\t<\/div>\n\t\t\t\t<\/div>\n\t\t\t\t<div class=\"elementor-element elementor-element-a59b7f1 elementor-widget elementor-widget-text-editor\" data-id=\"a59b7f1\" data-element_type=\"widget\" data-widget_type=\"text-editor.default\">\n\t\t\t\t<div class=\"elementor-widget-container\">\n\t\t\t\t\t\t\t\t\t<p>Amb car\u00e0cter general, les relacions entre <strong>www.de-madera.com<\/strong> i els Usuaris dels seus serveis telem\u00e0tics presents en aquesta web, estan sotmeses a la legislaci\u00f3 i jurisdicci\u00f3 espanyoles i als tribunals de <strong>SANT PERE DE RIBES<\/strong> .<\/p>\n\t\t\t\t\t\t\t\t<\/div>\n\t\t\t\t<\/div>\n\t\t\t\t<div class=\"elementor-element elementor-element-a44fd2a elementor-widget elementor-widget-heading\" data-id=\"a44fd2a\" data-element_type=\"widget\" data-widget_type=\"heading.default\">\n\t\t\t\t<div class=\"elementor-widget-container\">\n\t\t\t\t\t<h3 class=\"elementor-heading-title elementor-size-default\">CONTACTE<\/h3>\t\t\t\t<\/div>\n\t\t\t\t<\/div>\n\t\t\t\t<div class=\"elementor-element elementor-element-e643b1a elementor-widget elementor-widget-text-editor\" data-id=\"e643b1a\" data-element_type=\"widget\" data-widget_type=\"text-editor.default\">\n\t\t\t\t<div class=\"elementor-widget-container\">\n\t\t\t\t\t\t\t\t\t<p>En <b>cas<\/b> que qualsevol Usuari tingu\u00e9s algun dubte sobre aquestes Condicions legals o qualsevol comentari sobre el portal <strong>www.de-madera.com,<\/strong> si us plau adreceu-vos a <a href=\"mailto:contacto@de-madera.com\"><strong>contacto@de-madera.com<\/strong><\/a> . <b>\/11\/2024<\/b> . De part de l&#8217;equip que formem <strong>www.de-madera.com<\/strong> us agra\u00efm el temps dedicat a llegir aquest Av\u00eds Legal.  <\/p>\n\t\t\t\t\t\t\t\t<\/div>\n\t\t\t\t<\/div>\n\t\t\t\t\t<\/div>\n\t\t\t\t<\/div>\n\t\t\t\t<\/div>\n\t\t","protected":false},"excerpt":{"rendered":"<p>Home Av\u00eds Legal En aquest espai, l&#8217;USUARI podr\u00e0 trobar tota la informaci\u00f3 relativa als termes i les condicions legals que defineixen les relacions entre els usuaris i nosaltres com a responsables d&#8217;aquesta web. Com a usuari, \u00e9s important que conegueu aquests termes abans de continuar la vostra navegaci\u00f3. CONDICIONS GENERALS D&#8217;\u00daS Les presents Condicions Generals [&hellip;]<\/p>\n","protected":false},"author":1,"featured_media":0,"parent":0,"menu_order":4,"comment_status":"closed","ping_status":"closed","template":"elementor_header_footer","meta":{"_acf_changed":false,"footnotes":""},"class_list":["post-2016","page","type-page","status-publish","hentry"],"acf":[],"yoast_head":"<!-- This site is optimized with the Yoast SEO plugin v25.6 - https:\/\/yoast.com\/wordpress\/plugins\/seo\/ -->\n<title>Av\u00eds Legal - Mademat SL<\/title>\n<meta name=\"robots\" content=\"index, follow, max-snippet:-1, max-image-preview:large, max-video-preview:-1\" \/>\n<link rel=\"canonical\" href=\"https:\/\/de-madera.com\/ca\/avis-legal\/\" \/>\n<meta property=\"og:locale\" content=\"ca_ES\" \/>\n<meta property=\"og:type\" content=\"article\" \/>\n<meta property=\"og:title\" content=\"Av\u00eds Legal - Mademat SL\" \/>\n<meta property=\"og:description\" content=\"Home Av\u00eds Legal En aquest espai, l&#8217;USUARI podr\u00e0 trobar tota la informaci\u00f3 relativa als termes i les condicions legals que defineixen les relacions entre els usuaris i nosaltres com a responsables d&#8217;aquesta web. Com a usuari, \u00e9s important que conegueu aquests termes abans de continuar la vostra navegaci\u00f3. CONDICIONS GENERALS D&#8217;\u00daS Les presents Condicions Generals [&hellip;]\" \/>\n<meta property=\"og:url\" content=\"https:\/\/de-madera.com\/ca\/avis-legal\/\" \/>\n<meta property=\"og:site_name\" content=\"Mademat SL\" \/>\n<meta property=\"article:modified_time\" content=\"2024-11-13T11:38:16+00:00\" \/>\n<meta name=\"twitter:card\" content=\"summary_large_image\" \/>\n<meta name=\"twitter:label1\" content=\"Temps estimat de lectura\" \/>\n\t<meta name=\"twitter:data1\" content=\"7 minuts\" \/>\n<script type=\"application\/ld+json\" class=\"yoast-schema-graph\">{\"@context\":\"https:\/\/schema.org\",\"@graph\":[{\"@type\":\"WebPage\",\"@id\":\"https:\/\/de-madera.com\/ca\/avis-legal\/\",\"url\":\"https:\/\/de-madera.com\/ca\/avis-legal\/\",\"name\":\"Av\u00eds Legal - Mademat SL\",\"isPartOf\":{\"@id\":\"https:\/\/de-madera.com\/#website\"},\"datePublished\":\"2024-11-06T11:36:13+00:00\",\"dateModified\":\"2024-11-13T11:38:16+00:00\",\"breadcrumb\":{\"@id\":\"https:\/\/de-madera.com\/ca\/avis-legal\/#breadcrumb\"},\"inLanguage\":\"ca\",\"potentialAction\":[{\"@type\":\"ReadAction\",\"target\":[\"https:\/\/de-madera.com\/ca\/avis-legal\/\"]}]},{\"@type\":\"BreadcrumbList\",\"@id\":\"https:\/\/de-madera.com\/ca\/avis-legal\/#breadcrumb\",\"itemListElement\":[{\"@type\":\"ListItem\",\"position\":1,\"name\":\"Portada\",\"item\":\"https:\/\/de-madera.com\/ca\/home\/\"},{\"@type\":\"ListItem\",\"position\":2,\"name\":\"Av\u00eds Legal\"}]},{\"@type\":\"WebSite\",\"@id\":\"https:\/\/de-madera.com\/#website\",\"url\":\"https:\/\/de-madera.com\/\",\"name\":\"Mademat SL\",\"description\":\"\",\"potentialAction\":[{\"@type\":\"SearchAction\",\"target\":{\"@type\":\"EntryPoint\",\"urlTemplate\":\"https:\/\/de-madera.com\/?s={search_term_string}\"},\"query-input\":{\"@type\":\"PropertyValueSpecification\",\"valueRequired\":true,\"valueName\":\"search_term_string\"}}],\"inLanguage\":\"ca\"}]}<\/script>\n<!-- \/ Yoast SEO plugin. -->","yoast_head_json":{"title":"Av\u00eds Legal - Mademat SL","robots":{"index":"index","follow":"follow","max-snippet":"max-snippet:-1","max-image-preview":"max-image-preview:large","max-video-preview":"max-video-preview:-1"},"canonical":"https:\/\/de-madera.com\/ca\/avis-legal\/","og_locale":"ca_ES","og_type":"article","og_title":"Av\u00eds Legal - Mademat SL","og_description":"Home Av\u00eds Legal En aquest espai, l&#8217;USUARI podr\u00e0 trobar tota la informaci\u00f3 relativa als termes i les condicions legals que defineixen les relacions entre els usuaris i nosaltres com a responsables d&#8217;aquesta web. Com a usuari, \u00e9s important que conegueu aquests termes abans de continuar la vostra navegaci\u00f3. CONDICIONS GENERALS D&#8217;\u00daS Les presents Condicions Generals [&hellip;]","og_url":"https:\/\/de-madera.com\/ca\/avis-legal\/","og_site_name":"Mademat SL","article_modified_time":"2024-11-13T11:38:16+00:00","twitter_card":"summary_large_image","twitter_misc":{"Temps estimat de lectura":"7 minuts"},"schema":{"@context":"https:\/\/schema.org","@graph":[{"@type":"WebPage","@id":"https:\/\/de-madera.com\/ca\/avis-legal\/","url":"https:\/\/de-madera.com\/ca\/avis-legal\/","name":"Av\u00eds Legal - Mademat SL","isPartOf":{"@id":"https:\/\/de-madera.com\/#website"},"datePublished":"2024-11-06T11:36:13+00:00","dateModified":"2024-11-13T11:38:16+00:00","breadcrumb":{"@id":"https:\/\/de-madera.com\/ca\/avis-legal\/#breadcrumb"},"inLanguage":"ca","potentialAction":[{"@type":"ReadAction","target":["https:\/\/de-madera.com\/ca\/avis-legal\/"]}]},{"@type":"BreadcrumbList","@id":"https:\/\/de-madera.com\/ca\/avis-legal\/#breadcrumb","itemListElement":[{"@type":"ListItem","position":1,"name":"Portada","item":"https:\/\/de-madera.com\/ca\/home\/"},{"@type":"ListItem","position":2,"name":"Av\u00eds Legal"}]},{"@type":"WebSite","@id":"https:\/\/de-madera.com\/#website","url":"https:\/\/de-madera.com\/","name":"Mademat SL","description":"","potentialAction":[{"@type":"SearchAction","target":{"@type":"EntryPoint","urlTemplate":"https:\/\/de-madera.com\/?s={search_term_string}"},"query-input":{"@type":"PropertyValueSpecification","valueRequired":true,"valueName":"search_term_string"}}],"inLanguage":"ca"}]}},"_links":{"self":[{"href":"https:\/\/de-madera.com\/ca\/wp-json\/wp\/v2\/pages\/2016","targetHints":{"allow":["GET"]}}],"collection":[{"href":"https:\/\/de-madera.com\/ca\/wp-json\/wp\/v2\/pages"}],"about":[{"href":"https:\/\/de-madera.com\/ca\/wp-json\/wp\/v2\/types\/page"}],"author":[{"embeddable":true,"href":"https:\/\/de-madera.com\/ca\/wp-json\/wp\/v2\/users\/1"}],"replies":[{"embeddable":true,"href":"https:\/\/de-madera.com\/ca\/wp-json\/wp\/v2\/comments?post=2016"}],"version-history":[{"count":2,"href":"https:\/\/de-madera.com\/ca\/wp-json\/wp\/v2\/pages\/2016\/revisions"}],"predecessor-version":[{"id":2377,"href":"https:\/\/de-madera.com\/ca\/wp-json\/wp\/v2\/pages\/2016\/revisions\/2377"}],"wp:attachment":[{"href":"https:\/\/de-madera.com\/ca\/wp-json\/wp\/v2\/media?parent=2016"}],"curies":[{"name":"wp","href":"https:\/\/api.w.org\/{rel}","templated":true}]}}